{"id":100,"date":"2021-09-19T18:54:19","date_gmt":"2021-09-19T18:54:19","guid":{"rendered":"https:\/\/equilibris-vitae.be\/?page_id=100"},"modified":"2022-12-20T12:21:59","modified_gmt":"2022-12-20T12:21:59","slug":"accompagnement-individuel","status":"publish","type":"page","link":"https:\/\/equilibris-vitae.be\/?page_id=100","title":{"rendered":"Accompagnement individuel"},"content":{"rendered":"\n<p><\/p>\n\n\n\n<figure class=\"wp-block-image alignfull size-large\"><img loading=\"lazy\" decoding=\"async\" width=\"1024\" height=\"61\" src=\"https:\/\/equilibris-vitae.be\/wp-content\/uploads\/2021\/09\/bandeau-couleurs2-1024x61.jpg\" alt=\"\" class=\"wp-image-289\" srcset=\"https:\/\/equilibris-vitae.be\/wp-content\/uploads\/2021\/09\/bandeau-couleurs2-1024x61.jpg 1024w, https:\/\/equilibris-vitae.be\/wp-content\/uploads\/2021\/09\/bandeau-couleurs2-300x18.jpg 300w, https:\/\/equilibris-vitae.be\/wp-content\/uploads\/2021\/09\/bandeau-couleurs2-768x46.jpg 768w, https:\/\/equilibris-vitae.be\/wp-content\/uploads\/2021\/09\/bandeau-couleurs2.jpg 1264w\" sizes=\"auto, (max-width: 1024px) 100vw, 1024px\" \/><\/figure>\n\n\n\n<h1 class=\"has-text-align-center wp-block-heading\" id=\"choisissez-votre-coaching\"><mark style=\"background-color:rgba(0, 0, 0, 0);color:#005063\" class=\"has-inline-color\">Choisissez votre coaching<\/mark><\/h1>\n\n\n\n<p><\/p>\n\n\n\n<div class=\"wp-block-columns is-layout-flex wp-container-core-columns-is-layout-9d6595d7 wp-block-columns-is-layout-flex\">\n<div class=\"wp-block-column is-layout-flow wp-block-column-is-layout-flow\"><div class=\"wp-block-image is-style-default\">\n<figure class=\"aligncenter size-full\"><img loading=\"lazy\" decoding=\"async\" width=\"273\" height=\"360\" src=\"https:\/\/equilibris-vitae.be\/wp-content\/uploads\/2021\/10\/portraits-vincenzo.jpg\" alt=\"vincenzo vita - equilibris vitae\" class=\"wp-image-600\" srcset=\"https:\/\/equilibris-vitae.be\/wp-content\/uploads\/2021\/10\/portraits-vincenzo.jpg 273w, https:\/\/equilibris-vitae.be\/wp-content\/uploads\/2021\/10\/portraits-vincenzo-228x300.jpg 228w\" sizes=\"auto, (max-width: 273px) 100vw, 273px\" \/><\/figure>\n<\/div>\n\n\n<p class=\"has-text-align-center has-text-color\" style=\"color:#0071a1\"><mark style=\"background-color:rgba(0, 0, 0, 0);color:#c4770f\" class=\"has-inline-color\"> <strong>Vincenzo VITA  <\/strong><\/mark><br><strong><mark style=\"background-color:rgba(0, 0, 0, 0);color:#005063\" class=\"has-inline-color\">Fondateur du Centre<\/mark><\/strong><br><strong><mark style=\"background-color:rgba(0, 0, 0, 0);color:#009cb4\" class=\"has-inline-color\">Coach en r\u00e9\u00e9quilibrage alimentaire <\/mark><\/strong><br><strong><mark style=\"background-color:rgba(0, 0, 0, 0);color:#009cb4\" class=\"has-inline-color\">et pr\u00e9paration physique<\/mark><\/strong><br><strong><mark style=\"background-color:rgba(0, 0, 0, 0);color:#009cb4\" class=\"has-inline-color\"> (ou remise en activit\u00e9) <\/mark><\/strong><br><mark style=\"background-color:rgba(0, 0, 0, 0);color:#005063\" class=\"has-inline-color\"><br>Affectionne d\u2019am\u00e9liorer votre \u00e9nergie <\/mark><br><mark style=\"background-color:rgba(0, 0, 0, 0);color:#005063\" class=\"has-inline-color\">et vos performances <\/mark><\/p>\n\n\n\n<p><\/p>\n\n\n\n<p><\/p>\n\n\n\n<p><\/p>\n\n\n\n<div class=\"wp-block-buttons is-horizontal is-content-justification-center is-layout-flex wp-container-core-buttons-is-layout-499968f5 wp-block-buttons-is-layout-flex\">\n<div class=\"wp-block-button\"><a class=\"wp-block-button__link wp-element-button\" href=\"https:\/\/equilibris-vitae.be\/?page_id=151\">En savoir plus<\/a><\/div>\n<\/div>\n\n\n\n<br><center><a href=\"mailto:info@equilibris-vitae.be\"><i class=\"fa fa-envelope fa-2x \" ><\/i><\/a>&nbsp; &nbsp; &nbsp; <a><\/a><a href=\"tel:+32474951246\" <=\"\" a=\"\"><i class=\"fa fa-phone-alt fa-2x \" ><\/i><\/a><\/center>\n\n\n\n<br><center><a href=\"https:\/\/equilibris-vitae.be\/?page_id=2\" <=\"\" a=\"\"><input type=\"button\" value=\"JE PRENDS RENDEZ-VOUS\"><\/a><\/center>\n<\/div>\n\n\n\n<div class=\"wp-block-column is-vertically-aligned-bottom is-layout-flow wp-block-column-is-layout-flow\"><div class=\"wp-block-image\">\n<figure class=\"aligncenter size-full\"><img loading=\"lazy\" decoding=\"async\" width=\"273\" height=\"360\" src=\"https:\/\/equilibris-vitae.be\/wp-content\/uploads\/2021\/10\/portraits-claire.jpg\" alt=\"claire gruslin - equilibris vitae\" class=\"wp-image-602\" srcset=\"https:\/\/equilibris-vitae.be\/wp-content\/uploads\/2021\/10\/portraits-claire.jpg 273w, https:\/\/equilibris-vitae.be\/wp-content\/uploads\/2021\/10\/portraits-claire-228x300.jpg 228w\" sizes=\"auto, (max-width: 273px) 100vw, 273px\" \/><\/figure>\n<\/div>\n\n\n<p class=\"has-text-align-center\"><mark style=\"background-color:rgba(0, 0, 0, 0);color:#c4770f\" class=\"has-inline-color\"> <\/mark><strong><mark style=\"background-color:rgba(0, 0, 0, 0);color:#c4770f\" class=\"has-inline-color\"> Claire GRUSLIN \u00a0 <\/mark><\/strong><br><strong><mark style=\"background-color:rgba(0, 0, 0, 0);color:#009cb4\" class=\"has-inline-color\">Mentor professionnel<\/mark><\/strong><mark style=\"background-color:rgba(0, 0, 0, 0);color:#005063\" class=\"has-inline-color\"><br>En qu\u00eate d&rsquo;un projet qui vous ressemble,<\/mark><br><mark style=\"background-color:rgba(0, 0, 0, 0);color:#005063\" class=\"has-inline-color\"> de renforcer votre identit\u00e9, de vous remettre <\/mark><br><mark style=\"background-color:rgba(0, 0, 0, 0);color:#005063\" class=\"has-inline-color\">en \u00ab\u00a0mouvement\u00a0\u00bb ou d&rsquo;explorer de nouvelles pistes ?<\/mark><\/p>\n\n\n\n<p class=\"has-text-align-center\"><mark style=\"background-color:rgba(0, 0, 0, 0);color:#005063\" class=\"has-inline-color\">Alliez vos talents \u00e0 vos vies professionnelles<\/mark><br><mark style=\"background-color:rgba(0, 0, 0, 0);color:#005063\" class=\"has-inline-color\"> et trouvez le bel \u00e9quilibre.<\/mark><br> <\/p>\n\n\n\n<div class=\"wp-block-buttons is-horizontal is-content-justification-center is-layout-flex wp-container-core-buttons-is-layout-499968f5 wp-block-buttons-is-layout-flex\">\n<div class=\"wp-block-button\"><a class=\"wp-block-button__link wp-element-button\" href=\"https:\/\/equilibris-vitae.be\/?page_id=732\">En savoir plus<\/a><\/div>\n<\/div>\n\n\n\n<br><center><a href=\"mailto:info@equilibris-vitae.be\"><i class=\"fa fa-envelope fa-2x \" ><\/i><\/a>&nbsp; &nbsp; &nbsp; <a><\/a><a href=\"tel:+32474951246\" <=\"\" a=\"\"><i class=\"fa fa-phone-alt fa-2x \" ><\/i><\/a><\/center>\n\n\n\n<br><center><a href=\"https:\/\/equilibris-vitae.be\/?page_id=2\" <=\"\" a=\"\"><input type=\"button\" value=\"JE PRENDS RENDEZ-VOUS\"><\/a><\/center>\n<\/div>\n<\/div>\n\n\n\n<div style=\"height:100px\" aria-hidden=\"true\" class=\"wp-block-spacer\"><\/div>\n\n\n\n<div class=\"wp-block-columns is-layout-flex wp-container-core-columns-is-layout-9d6595d7 wp-block-columns-is-layout-flex\">\n<div class=\"wp-block-column is-layout-flow wp-block-column-is-layout-flow\"><div class=\"wp-block-image\">\n<figure class=\"aligncenter size-full\"><img loading=\"lazy\" decoding=\"async\" width=\"273\" height=\"360\" src=\"https:\/\/equilibris-vitae.be\/wp-content\/uploads\/2021\/10\/portraits-priscilla.jpg\" alt=\"Priscilla Foureaux - equilibris vitae\" class=\"wp-image-601\" srcset=\"https:\/\/equilibris-vitae.be\/wp-content\/uploads\/2021\/10\/portraits-priscilla.jpg 273w, https:\/\/equilibris-vitae.be\/wp-content\/uploads\/2021\/10\/portraits-priscilla-228x300.jpg 228w\" sizes=\"auto, (max-width: 273px) 100vw, 273px\" \/><\/figure>\n<\/div>\n\n\n<p class=\"has-text-align-center\"><strong><mark style=\"background-color:rgba(0, 0, 0, 0);color:#c4770f\" class=\"has-inline-color\"> Priscilla FOUREAUX <\/mark>&nbsp;<\/strong><br><strong><mark style=\"background-color:rgba(0, 0, 0, 0);color:#009cb4\" class=\"has-inline-color\">Coach en confiance en soi<\/mark><\/strong><mark style=\"background-color:rgba(0, 0, 0, 0);color:#005063\" class=\"has-inline-color\"><br>En permanence \u00e0 l\u2019\u00e9coute de l\u2019autre et dot\u00e9e<br>d\u2019une empathie extraordinaire.<\/mark><\/p>\n\n\n\n<p class=\"has-text-align-center\"><mark style=\"background-color:rgba(0, 0, 0, 0);color:#005063\" class=\"has-inline-color\"> <\/mark><\/p>\n\n\n\n<div class=\"wp-block-buttons is-horizontal is-content-justification-center is-layout-flex wp-container-core-buttons-is-layout-499968f5 wp-block-buttons-is-layout-flex\">\n<div class=\"wp-block-button\"><a class=\"wp-block-button__link wp-element-button\" href=\"https:\/\/equilibris-vitae.be\/?page_id=702\">En savoir plus  <\/a><\/div>\n<\/div>\n\n\n\n<br><center><a href=\"mailto:info@equilibris-vitae.be\"><i class=\"fa fa-envelope fa-2x \" ><\/i><\/a>&nbsp; &nbsp; &nbsp; <a><\/a><a href=\"tel:+32474951246\" <=\"\" a=\"\"><i class=\"fa fa-phone-alt fa-2x \" ><\/i><\/a><\/center>\n\n\n\n<br><center><a href=\"https:\/\/equilibris-vitae.be\/?page_id=2\" <=\"\" a=\"\"><input type=\"button\" value=\"JE PRENDS RENDEZ-VOUS\"><\/a><\/center>\n<\/div>\n\n\n\n<div class=\"wp-block-column is-layout-flow wp-block-column-is-layout-flow\"><div class=\"wp-block-image\">\n<figure class=\"aligncenter size-full\"><img loading=\"lazy\" decoding=\"async\" width=\"273\" height=\"360\" src=\"https:\/\/equilibris-vitae.be\/wp-content\/uploads\/2021\/10\/portraits-francoise.jpg\" alt=\"Fran\u00e7oise Salemi - equilibris vitae\" class=\"wp-image-603\" srcset=\"https:\/\/equilibris-vitae.be\/wp-content\/uploads\/2021\/10\/portraits-francoise.jpg 273w, https:\/\/equilibris-vitae.be\/wp-content\/uploads\/2021\/10\/portraits-francoise-228x300.jpg 228w\" sizes=\"auto, (max-width: 273px) 100vw, 273px\" \/><\/figure>\n<\/div>\n\n\n<p class=\"has-text-align-center\"><strong><mark style=\"background-color:rgba(0, 0, 0, 0);color:#c4770f\" class=\"has-inline-color\"> Fran\u00e7oise SALEMI<\/mark><\/strong><br><strong><mark style=\"background-color:rgba(0, 0, 0, 0);color:#009cb4\" class=\"has-inline-color\"> <mark><strong>Nutrith\u00e9rapeute<\/strong><\/mark><\/mark><\/strong><br><strong><mark style=\"background-color:rgba(0, 0, 0, 0);color:#009cb4\" class=\"has-inline-color\">Ost\u00e9opathe D.O.<\/mark><\/strong><mark style=\"background-color:rgba(0, 0, 0, 0);color:#005063\" class=\"has-inline-color\"><strong> <\/strong><\/mark><br><mark style=\"background-color:rgba(0, 0, 0, 0);color:#005063\" class=\"has-inline-color\">(structurelle &#8211; visc\u00e9rale &#8211; cr\u00e2nienne &#8211;<\/mark><br><mark style=\"background-color:rgba(0, 0, 0, 0);color:#005063\" class=\"has-inline-color\"> sp\u00e9cialis\u00e9e en pr\u00e9 et post partum)<br><\/mark><\/p>\n\n\n\n<p><\/p>\n\n\n\n<div class=\"wp-block-buttons is-horizontal is-content-justification-center is-layout-flex wp-container-core-buttons-is-layout-499968f5 wp-block-buttons-is-layout-flex\">\n<div class=\"wp-block-button\"><a class=\"wp-block-button__link wp-element-button\" href=\"https:\/\/equilibris-vitae.be\/?page_id=777\">En savoir plus<\/a><\/div>\n<\/div>\n\n\n\n<br><center><a href=\"mailto:info@equilibris-vitae.be\"><i class=\"fa fa-envelope fa-2x \" ><\/i><\/a>&nbsp; &nbsp; &nbsp; <a><\/a><a href=\"tel:+32471892550\" <=\"\" a=\"\"><i class=\"fa fa-phone-alt fa-2x \" ><\/i><\/a><\/center>\n\n\n\n<br><center><a href=\"https:\/\/equilibris-vitae.be\/?page_id=2\" <=\"\" a=\"\"><input type=\"button\" value=\"JE PRENDS RENDEZ-VOUS\"><\/a><\/center>\n<\/div>\n<\/div>\n\n\n\n<div class=\"wp-block-columns is-layout-flex wp-container-core-columns-is-layout-9d6595d7 wp-block-columns-is-layout-flex\">\n<div class=\"wp-block-column is-layout-flow wp-block-column-is-layout-flow\">\n<div style=\"height:82px\" aria-hidden=\"true\" class=\"wp-block-spacer\"><\/div>\n\n\n\n<div class=\"wp-block-columns is-layout-flex wp-container-core-columns-is-layout-9d6595d7 wp-block-columns-is-layout-flex\">\n<div class=\"wp-block-column is-layout-flow wp-block-column-is-layout-flow\">\n<p><\/p>\n\n\n<div class=\"wp-block-image\">\n<figure class=\"aligncenter size-full is-resized\"><img loading=\"lazy\" decoding=\"async\" src=\"https:\/\/equilibris-vitae.be\/wp-content\/uploads\/2021\/12\/portraits-gaetano.jpg\" alt=\"Gaetano Vita - equilibris vitae\" class=\"wp-image-782\" width=\"273\" height=\"360\" srcset=\"https:\/\/equilibris-vitae.be\/wp-content\/uploads\/2021\/12\/portraits-gaetano.jpg 273w, https:\/\/equilibris-vitae.be\/wp-content\/uploads\/2021\/12\/portraits-gaetano-228x300.jpg 228w\" sizes=\"auto, (max-width: 273px) 100vw, 273px\" \/><\/figure>\n<\/div>\n\n\n<p class=\"has-text-align-center\"> <strong><span style=\"color:#c4770f\" class=\"has-inline-color\"> Gaetano VITA &nbsp; <\/span><\/strong><br><strong><span style=\"color:#009cb4\" class=\"has-inline-color\">Coaching runners<\/span><\/strong><span style=\"color:#005063\" class=\"has-inline-color\"><br>Am\u00e9liore tes performances de course \u00e0 pieds afin d\u2019atteindre ton objectif<\/span><\/p>\n\n\n\n<div class=\"wp-block-buttons is-horizontal is-content-justification-center is-layout-flex wp-container-core-buttons-is-layout-499968f5 wp-block-buttons-is-layout-flex\">\n<div class=\"wp-block-button\"><a class=\"wp-block-button__link wp-element-button\" href=\"https:\/\/equilibris-vitae.be\/?page_id=854\">En savoir plus<\/a><\/div>\n<\/div>\n\n\n\n<br><center><a href=\"mailto:info@equilibris-vitae.be\"><i class=\"fa fa-envelope fa-2x \" ><\/i><\/a>&nbsp; &nbsp; &nbsp; <a><\/a><a href=\"tel:+32474951246\" <=\"\" a=\"\"><i class=\"fa fa-phone-alt fa-2x \" ><\/i><\/a><\/center>\n\n\n\n<br><center><a href=\"https:\/\/equilibris-vitae.be\/?page_id=2\" <=\"\" a=\"\"><input type=\"button\" value=\"JE PRENDS RENDEZ-VOUS\"><\/a><\/center>\n<\/div>\n\n\n\n<div class=\"wp-block-column is-layout-flow wp-block-column-is-layout-flow\"><\/div>\n<\/div>\n<\/div>\n<\/div>\n\n\n\n<p><\/p>\n","protected":false},"excerpt":{"rendered":"<p>Choisissez votre coaching Vincenzo VITA Fondateur du CentreCoach en r\u00e9\u00e9quilibrage alimentaire et pr\u00e9paration physique (ou remise en activit\u00e9) Affectionne d\u2019am\u00e9liorer votre \u00e9nergie et vos performances &nbsp; &nbsp; &nbsp;<\/p>\n","protected":false},"author":1,"featured_media":0,"parent":0,"menu_order":0,"comment_status":"closed","ping_status":"closed","template":"","meta":{"footnotes":""},"class_list":["post-100","page","type-page","status-publish","hentry"],"yoast_head":"<!-- This site is optimized with the Yoast SEO plugin v20.10 - https:\/\/yoast.com\/wordpress\/plugins\/seo\/ -->\n<title>Accompagnement individuel - Equilibris-Vitae<\/title>\n<meta name=\"robots\" content=\"index, follow, max-snippet:-1, max-image-preview:large, max-video-preview:-1\" \/>\n<link rel=\"canonical\" href=\"https:\/\/equilibris-vitae.be\/?page_id=100\" \/>\n<meta property=\"og:locale\" content=\"fr_FR\" \/>\n<meta property=\"og:type\" content=\"article\" \/>\n<meta property=\"og:title\" content=\"Accompagnement individuel - Equilibris-Vitae\" \/>\n<meta property=\"og:description\" content=\"Choisissez votre coaching Vincenzo VITA Fondateur du CentreCoach en r\u00e9\u00e9quilibrage alimentaire et pr\u00e9paration physique (ou remise en activit\u00e9) Affectionne d\u2019am\u00e9liorer votre \u00e9nergie et vos performances &nbsp; &nbsp; &nbsp;\" \/>\n<meta property=\"og:url\" content=\"https:\/\/equilibris-vitae.be\/?page_id=100\" \/>\n<meta property=\"og:site_name\" content=\"Equilibris-Vitae\" \/>\n<meta property=\"article:modified_time\" content=\"2022-12-20T12:21:59+00:00\" \/>\n<meta property=\"og:image\" content=\"https:\/\/equilibris-vitae.be\/wp-content\/uploads\/2021\/09\/bandeau-couleurs2-1024x61.jpg\" \/>\n<meta name=\"twitter:card\" content=\"summary_large_image\" \/>\n<meta name=\"twitter:label1\" content=\"Dur\u00e9e de lecture estim\u00e9e\" \/>\n\t<meta name=\"twitter:data1\" content=\"3 minutes\" \/>\n<script type=\"application\/ld+json\" class=\"yoast-schema-graph\">{\"@context\":\"https:\/\/schema.org\",\"@graph\":[{\"@type\":\"WebPage\",\"@id\":\"https:\/\/equilibris-vitae.be\/?page_id=100\",\"url\":\"https:\/\/equilibris-vitae.be\/?page_id=100\",\"name\":\"Accompagnement individuel - Equilibris-Vitae\",\"isPartOf\":{\"@id\":\"https:\/\/equilibris-vitae.be\/#website\"},\"datePublished\":\"2021-09-19T18:54:19+00:00\",\"dateModified\":\"2022-12-20T12:21:59+00:00\",\"breadcrumb\":{\"@id\":\"https:\/\/equilibris-vitae.be\/?page_id=100#breadcrumb\"},\"inLanguage\":\"fr-FR\",\"potentialAction\":[{\"@type\":\"ReadAction\",\"target\":[\"https:\/\/equilibris-vitae.be\/?page_id=100\"]}]},{\"@type\":\"BreadcrumbList\",\"@id\":\"https:\/\/equilibris-vitae.be\/?page_id=100#breadcrumb\",\"itemListElement\":[{\"@type\":\"ListItem\",\"position\":1,\"name\":\"Accueil\",\"item\":\"https:\/\/equilibris-vitae.be\/\"},{\"@type\":\"ListItem\",\"position\":2,\"name\":\"Accompagnement individuel\"}]},{\"@type\":\"WebSite\",\"@id\":\"https:\/\/equilibris-vitae.be\/#website\",\"url\":\"https:\/\/equilibris-vitae.be\/\",\"name\":\"Equilibris-Vitae\",\"description\":\"\",\"publisher\":{\"@id\":\"https:\/\/equilibris-vitae.be\/#organization\"},\"potentialAction\":[{\"@type\":\"SearchAction\",\"target\":{\"@type\":\"EntryPoint\",\"urlTemplate\":\"https:\/\/equilibris-vitae.be\/?s={search_term_string}\"},\"query-input\":\"required name=search_term_string\"}],\"inLanguage\":\"fr-FR\"},{\"@type\":\"Organization\",\"@id\":\"https:\/\/equilibris-vitae.be\/#organization\",\"name\":\"Equilibris-Vitae\",\"url\":\"https:\/\/equilibris-vitae.be\/\",\"logo\":{\"@type\":\"ImageObject\",\"inLanguage\":\"fr-FR\",\"@id\":\"https:\/\/equilibris-vitae.be\/#\/schema\/logo\/image\/\",\"url\":\"https:\/\/equilibris-vitae.be\/wp-content\/uploads\/2021\/09\/cropped-logo-ptt-1.png\",\"contentUrl\":\"https:\/\/equilibris-vitae.be\/wp-content\/uploads\/2021\/09\/cropped-logo-ptt-1.png\",\"width\":200,\"height\":200,\"caption\":\"Equilibris-Vitae\"},\"image\":{\"@id\":\"https:\/\/equilibris-vitae.be\/#\/schema\/logo\/image\/\"}}]}<\/script>\n<!-- \/ Yoast SEO plugin. -->","yoast_head_json":{"title":"Accompagnement individuel - Equilibris-Vitae","robots":{"index":"index","follow":"follow","max-snippet":"max-snippet:-1","max-image-preview":"max-image-preview:large","max-video-preview":"max-video-preview:-1"},"canonical":"https:\/\/equilibris-vitae.be\/?page_id=100","og_locale":"fr_FR","og_type":"article","og_title":"Accompagnement individuel - Equilibris-Vitae","og_description":"Choisissez votre coaching Vincenzo VITA Fondateur du CentreCoach en r\u00e9\u00e9quilibrage alimentaire et pr\u00e9paration physique (ou remise en activit\u00e9) Affectionne d\u2019am\u00e9liorer votre \u00e9nergie et vos performances &nbsp; &nbsp; &nbsp;","og_url":"https:\/\/equilibris-vitae.be\/?page_id=100","og_site_name":"Equilibris-Vitae","article_modified_time":"2022-12-20T12:21:59+00:00","og_image":[{"url":"https:\/\/equilibris-vitae.be\/wp-content\/uploads\/2021\/09\/bandeau-couleurs2-1024x61.jpg"}],"twitter_card":"summary_large_image","twitter_misc":{"Dur\u00e9e de lecture estim\u00e9e":"3 minutes"},"schema":{"@context":"https:\/\/schema.org","@graph":[{"@type":"WebPage","@id":"https:\/\/equilibris-vitae.be\/?page_id=100","url":"https:\/\/equilibris-vitae.be\/?page_id=100","name":"Accompagnement individuel - Equilibris-Vitae","isPartOf":{"@id":"https:\/\/equilibris-vitae.be\/#website"},"datePublished":"2021-09-19T18:54:19+00:00","dateModified":"2022-12-20T12:21:59+00:00","breadcrumb":{"@id":"https:\/\/equilibris-vitae.be\/?page_id=100#breadcrumb"},"inLanguage":"fr-FR","potentialAction":[{"@type":"ReadAction","target":["https:\/\/equilibris-vitae.be\/?page_id=100"]}]},{"@type":"BreadcrumbList","@id":"https:\/\/equilibris-vitae.be\/?page_id=100#breadcrumb","itemListElement":[{"@type":"ListItem","position":1,"name":"Accueil","item":"https:\/\/equilibris-vitae.be\/"},{"@type":"ListItem","position":2,"name":"Accompagnement individuel"}]},{"@type":"WebSite","@id":"https:\/\/equilibris-vitae.be\/#website","url":"https:\/\/equilibris-vitae.be\/","name":"Equilibris-Vitae","description":"","publisher":{"@id":"https:\/\/equilibris-vitae.be\/#organization"},"potentialAction":[{"@type":"SearchAction","target":{"@type":"EntryPoint","urlTemplate":"https:\/\/equilibris-vitae.be\/?s={search_term_string}"},"query-input":"required name=search_term_string"}],"inLanguage":"fr-FR"},{"@type":"Organization","@id":"https:\/\/equilibris-vitae.be\/#organization","name":"Equilibris-Vitae","url":"https:\/\/equilibris-vitae.be\/","logo":{"@type":"ImageObject","inLanguage":"fr-FR","@id":"https:\/\/equilibris-vitae.be\/#\/schema\/logo\/image\/","url":"https:\/\/equilibris-vitae.be\/wp-content\/uploads\/2021\/09\/cropped-logo-ptt-1.png","contentUrl":"https:\/\/equilibris-vitae.be\/wp-content\/uploads\/2021\/09\/cropped-logo-ptt-1.png","width":200,"height":200,"caption":"Equilibris-Vitae"},"image":{"@id":"https:\/\/equilibris-vitae.be\/#\/schema\/logo\/image\/"}}]}},"_links":{"self":[{"href":"https:\/\/equilibris-vitae.be\/index.php?rest_route=\/wp\/v2\/pages\/100","targetHints":{"allow":["GET"]}}],"collection":[{"href":"https:\/\/equilibris-vitae.be\/index.php?rest_route=\/wp\/v2\/pages"}],"about":[{"href":"https:\/\/equilibris-vitae.be\/index.php?rest_route=\/wp\/v2\/types\/page"}],"author":[{"embeddable":true,"href":"https:\/\/equilibris-vitae.be\/index.php?rest_route=\/wp\/v2\/users\/1"}],"replies":[{"embeddable":true,"href":"https:\/\/equilibris-vitae.be\/index.php?rest_route=%2Fwp%2Fv2%2Fcomments&post=100"}],"version-history":[{"count":113,"href":"https:\/\/equilibris-vitae.be\/index.php?rest_route=\/wp\/v2\/pages\/100\/revisions"}],"predecessor-version":[{"id":1092,"href":"https:\/\/equilibris-vitae.be\/index.php?rest_route=\/wp\/v2\/pages\/100\/revisions\/1092"}],"wp:attachment":[{"href":"https:\/\/equilibris-vitae.be\/index.php?rest_route=%2Fwp%2Fv2%2Fmedia&parent=100"}],"curies":[{"name":"wp","href":"https:\/\/api.w.org\/{rel}","templated":true}]}}