{"id":151,"date":"2021-09-19T20:04:18","date_gmt":"2021-09-19T20:04:18","guid":{"rendered":"https:\/\/equilibris-vitae.be\/?page_id=151"},"modified":"2022-02-09T08:07:27","modified_gmt":"2022-02-09T08:07:27","slug":"vincenzo-vita","status":"publish","type":"page","link":"https:\/\/equilibris-vitae.be\/?page_id=151","title":{"rendered":"Vincenzo Vita"},"content":{"rendered":"\n<div class=\"wp-block-columns is-layout-flex wp-container-core-columns-is-layout-9d6595d7 wp-block-columns-is-layout-flex\">\n<div class=\"wp-block-column is-layout-flow wp-block-column-is-layout-flow\" style=\"flex-basis:100%\">\n<div class=\"wp-block-cover alignfull is-light\"><span aria-hidden=\"true\" class=\"has-background-dim-0 wp-block-cover__gradient-background has-background-dim\"><\/span><img loading=\"lazy\" decoding=\"async\" width=\"1640\" height=\"924\" class=\"wp-block-cover__image-background wp-image-157\" alt=\"Vincenzo Vita equilibris vitae\" src=\"https:\/\/equilibris-vitae.be\/wp-content\/uploads\/2021\/09\/241160526_340999904394162_8932143927819172232_n.jpg\" style=\"object-position:50% 50%\" data-object-fit=\"cover\" data-object-position=\"50% 50%\" srcset=\"https:\/\/equilibris-vitae.be\/wp-content\/uploads\/2021\/09\/241160526_340999904394162_8932143927819172232_n.jpg 1640w, https:\/\/equilibris-vitae.be\/wp-content\/uploads\/2021\/09\/241160526_340999904394162_8932143927819172232_n-300x169.jpg 300w, https:\/\/equilibris-vitae.be\/wp-content\/uploads\/2021\/09\/241160526_340999904394162_8932143927819172232_n-1024x577.jpg 1024w, https:\/\/equilibris-vitae.be\/wp-content\/uploads\/2021\/09\/241160526_340999904394162_8932143927819172232_n-768x433.jpg 768w, https:\/\/equilibris-vitae.be\/wp-content\/uploads\/2021\/09\/241160526_340999904394162_8932143927819172232_n-1536x865.jpg 1536w\" sizes=\"auto, (max-width: 1640px) 100vw, 1640px\" \/><div class=\"wp-block-cover__inner-container is-layout-flow wp-block-cover-is-layout-flow\">\n<p><\/p>\n\n\n\n<p><\/p>\n\n\n\n<p class=\"has-huge-font-size\"><\/p>\n<\/div><\/div>\n<\/div>\n<\/div>\n\n\n\n<h2 class=\"has-text-align-center wp-block-heading\" id=\"vincenzo-vita\"><mark style=\"background-color:rgba(0, 0, 0, 0);color:#c4770f\" class=\"has-inline-color\">Vincenzo Vita<\/mark><br><\/h2>\n\n\n\n<div class=\"wp-block-columns is-layout-flex wp-container-core-columns-is-layout-9d6595d7 wp-block-columns-is-layout-flex\">\n<div class=\"wp-block-column is-layout-flow wp-block-column-is-layout-flow\">\n<div class=\"wp-block-image\"><figure class=\"aligncenter size-full is-resized\"><a href=\"https:\/\/www.facebook.com\/CentreEquilibrisVITAE\"><img loading=\"lazy\" decoding=\"async\" src=\"https:\/\/equilibris-vitae.be\/wp-content\/uploads\/2021\/10\/fb-1.png\" alt=\"\" class=\"wp-image-589\" width=\"50\" height=\"50\" srcset=\"https:\/\/equilibris-vitae.be\/wp-content\/uploads\/2021\/10\/fb-1.png 200w, https:\/\/equilibris-vitae.be\/wp-content\/uploads\/2021\/10\/fb-1-150x150.png 150w\" sizes=\"auto, (max-width: 50px) 100vw, 50px\" \/><\/a><\/figure><\/div>\n\n\n\n<p class=\"has-text-align-center\"><a href=\"https:\/\/www.facebook.com\/CentreEquilibrisVITAE\" target=\"_blank\" rel=\"noreferrer noopener\">Retrouvez moi sur Facebook<\/a><\/p>\n\n\n\n<div class=\"wp-block-image\"><figure class=\"aligncenter size-full is-resized\"><img loading=\"lazy\" decoding=\"async\" src=\"https:\/\/equilibris-vitae.be\/wp-content\/uploads\/2022\/01\/instagram.png\" alt=\"\" class=\"wp-image-866\" width=\"70\" height=\"70\" srcset=\"https:\/\/equilibris-vitae.be\/wp-content\/uploads\/2022\/01\/instagram.png 200w, https:\/\/equilibris-vitae.be\/wp-content\/uploads\/2022\/01\/instagram-150x150.png 150w\" sizes=\"auto, (max-width: 70px) 100vw, 70px\" \/><\/figure><\/div>\n\n\n\n<p class=\"has-text-align-center\"><a href=\"https:\/\/www.instagram.com\/equilibrisvitae\/\" target=\"_blank\" rel=\"noreferrer noopener\">Retrouvez moi sur Instagram<\/a><\/p>\n<\/div>\n\n\n\n<div class=\"wp-block-column is-layout-flow wp-block-column-is-layout-flow\">\n<center><a href=\"tel:+32474951246\" <=\"\" a=\"\"><i class=\"fa fa-phone-alt fa-2x \" ><\/i><\/a><\/center>\n\n\n\n<br> <center><a href=\"tel:+32474951246\"> ou contactez moi via le +32474951246<\/a>\n<\/div>\n<\/div>\n\n\n\n<div style=\"height:37px\" aria-hidden=\"true\" class=\"wp-block-spacer\"><\/div>\n\n\n\n<center><a href=\"https:\/\/equilibris-vitae.be\/?page_id=2\" <=\"\" a=\"\"><input type=\"button\" value=\"JE PRENDS RENDEZ-VOUS\"><\/a><\/center>\n\n\n\n<hr class=\"wp-block-separator has-text-color has-background is-style-wide\" style=\"background-color:#009cb4;color:#009cb4\"\/>\n\n\n\n<div class=\"wp-block-columns is-layout-flex wp-container-core-columns-is-layout-9d6595d7 wp-block-columns-is-layout-flex\">\n<div class=\"wp-block-column is-layout-flow wp-block-column-is-layout-flow\" style=\"padding-top:0px;padding-right:0px;padding-bottom:0px;padding-left:0px;flex-basis:100%\">\n<p><mark style=\"background-color:rgba(0, 0, 0, 0);color:#005063\" class=\"has-inline-color\">L&rsquo;accompagnement en \u00e9quilibrage alimentaire et l&rsquo;accompagnement sportif font partie de ce que je vous propose.<br><br>L&rsquo;impact global sur un \u00e9quilibre de vie devient une \u00e9vidence.<br><br>Je vous propose 4 s\u00e9ances avec :<br><br><strong>Une premi\u00e8re<\/strong> d\u00e9di\u00e9e \u00e0 la prise de connaissance de votre objectif et une interview compl\u00e8te.<br><br><strong>Une deuxi\u00e8me<\/strong> pour vous pr\u00e9senter un plan en deux volets :<br><br>&#8211; Un r\u00e9\u00e9quilibrage alimentaire tenant compte de votre profil<br><em>(difficult\u00e9 d\u2019endormissement, manque de vitalit\u00e9, mauvaise humeur, processus inflammatoire,pr\u00e9paration d\u2019une comp\u00e9tition, \u2026)<\/em><br><em><br>&#8211; <\/em>Un plan d\u2019entra\u00eenement ou d\u2019activit\u00e9s physiques qui tient aussi compte de votre profil<br><em>(objectif d\u2019une course pr\u00e9cise,<\/em> <em>remise en route d\u2019une activit\u00e9 physique \u2013 v\u00e9lo d\u2019appartement, jogging, fitness, jardinage, marche, \u2026).<\/em><br><em>La possibilit\u00e9 de vous accompagner sur terrain fait partie du programme propos\u00e9 \u00e9galement avec des mesures de param\u00e8tres sur site (VMA, fr\u00e9quence cardiaque, \u2026).<\/em><br><br><strong>La 3\u00e8 et la 4\u00e8 s\u00e9ance<\/strong> sont destin\u00e9es \u00e0 assurer un suivi et des r\u00e9glages indispensables.<br><br>La proposition de programme tr\u00e8s personnalis\u00e9 a pour but de trouver un \u00e9quilibre sur le long terme sans r\u00e9gime restrictif ou activit\u00e9 sportive intenable.<br>Le but essentiel est de retrouver un <strong>Equilibre de Vie.<\/strong><\/mark><\/p>\n<\/div>\n<\/div>\n\n\n\n<hr class=\"wp-block-separator has-text-color has-background is-style-wide\" style=\"background-color:#009cb4;color:#009cb4\"\/>\n","protected":false},"excerpt":{"rendered":"<p>Vincenzo Vita Retrouvez moi sur Facebook Retrouvez moi sur Instagram<\/p>\n","protected":false},"author":1,"featured_media":0,"parent":0,"menu_order":0,"comment_status":"closed","ping_status":"closed","template":"","meta":{"footnotes":""},"class_list":["post-151","page","type-page","status-publish","hentry"],"yoast_head":"<!-- This site is optimized with the Yoast SEO plugin v20.10 - https:\/\/yoast.com\/wordpress\/plugins\/seo\/ -->\n<title>Vincenzo Vita - Equilibris-Vitae<\/title>\n<meta name=\"description\" content=\"Bien \u00eatre , alimentation, nutrition, \u00e9quilibrage alimentaire, accompagnement, s\u00e9r\u00e9nit\u00e9, sportif, activit\u00e9s physiques, reprise en main\" \/>\n<meta name=\"robots\" content=\"index, follow, max-snippet:-1, max-image-preview:large, max-video-preview:-1\" \/>\n<link rel=\"canonical\" href=\"https:\/\/equilibris-vitae.be\/?page_id=151\" \/>\n<meta property=\"og:locale\" content=\"fr_FR\" \/>\n<meta property=\"og:type\" content=\"article\" \/>\n<meta property=\"og:title\" content=\"Vincenzo Vita - Equilibris-Vitae\" \/>\n<meta property=\"og:description\" content=\"Bien \u00eatre , alimentation, nutrition, \u00e9quilibrage alimentaire, accompagnement, s\u00e9r\u00e9nit\u00e9, sportif, activit\u00e9s physiques, reprise en main\" \/>\n<meta property=\"og:url\" content=\"https:\/\/equilibris-vitae.be\/?page_id=151\" \/>\n<meta property=\"og:site_name\" content=\"Equilibris-Vitae\" \/>\n<meta property=\"article:modified_time\" content=\"2022-02-09T08:07:27+00:00\" \/>\n<meta property=\"og:image\" content=\"https:\/\/equilibris-vitae.be\/wp-content\/uploads\/2021\/09\/241160526_340999904394162_8932143927819172232_n.jpg\" \/>\n<meta name=\"twitter:card\" content=\"summary_large_image\" \/>\n<meta name=\"twitter:label1\" content=\"Dur\u00e9e de lecture estim\u00e9e\" \/>\n\t<meta name=\"twitter:data1\" content=\"2 minutes\" \/>\n<script type=\"application\/ld+json\" class=\"yoast-schema-graph\">{\"@context\":\"https:\/\/schema.org\",\"@graph\":[{\"@type\":\"WebPage\",\"@id\":\"https:\/\/equilibris-vitae.be\/?page_id=151\",\"url\":\"https:\/\/equilibris-vitae.be\/?page_id=151\",\"name\":\"Vincenzo Vita - Equilibris-Vitae\",\"isPartOf\":{\"@id\":\"https:\/\/equilibris-vitae.be\/#website\"},\"datePublished\":\"2021-09-19T20:04:18+00:00\",\"dateModified\":\"2022-02-09T08:07:27+00:00\",\"description\":\"Bien \u00eatre , alimentation, nutrition, \u00e9quilibrage alimentaire, accompagnement, s\u00e9r\u00e9nit\u00e9, sportif, activit\u00e9s physiques, reprise en main\",\"breadcrumb\":{\"@id\":\"https:\/\/equilibris-vitae.be\/?page_id=151#breadcrumb\"},\"inLanguage\":\"fr-FR\",\"potentialAction\":[{\"@type\":\"ReadAction\",\"target\":[\"https:\/\/equilibris-vitae.be\/?page_id=151\"]}]},{\"@type\":\"BreadcrumbList\",\"@id\":\"https:\/\/equilibris-vitae.be\/?page_id=151#breadcrumb\",\"itemListElement\":[{\"@type\":\"ListItem\",\"position\":1,\"name\":\"Accueil\",\"item\":\"https:\/\/equilibris-vitae.be\/\"},{\"@type\":\"ListItem\",\"position\":2,\"name\":\"Vincenzo Vita\"}]},{\"@type\":\"WebSite\",\"@id\":\"https:\/\/equilibris-vitae.be\/#website\",\"url\":\"https:\/\/equilibris-vitae.be\/\",\"name\":\"Equilibris-Vitae\",\"description\":\"\",\"publisher\":{\"@id\":\"https:\/\/equilibris-vitae.be\/#organization\"},\"potentialAction\":[{\"@type\":\"SearchAction\",\"target\":{\"@type\":\"EntryPoint\",\"urlTemplate\":\"https:\/\/equilibris-vitae.be\/?s={search_term_string}\"},\"query-input\":\"required name=search_term_string\"}],\"inLanguage\":\"fr-FR\"},{\"@type\":\"Organization\",\"@id\":\"https:\/\/equilibris-vitae.be\/#organization\",\"name\":\"Equilibris-Vitae\",\"url\":\"https:\/\/equilibris-vitae.be\/\",\"logo\":{\"@type\":\"ImageObject\",\"inLanguage\":\"fr-FR\",\"@id\":\"https:\/\/equilibris-vitae.be\/#\/schema\/logo\/image\/\",\"url\":\"https:\/\/equilibris-vitae.be\/wp-content\/uploads\/2021\/09\/cropped-logo-ptt-1.png\",\"contentUrl\":\"https:\/\/equilibris-vitae.be\/wp-content\/uploads\/2021\/09\/cropped-logo-ptt-1.png\",\"width\":200,\"height\":200,\"caption\":\"Equilibris-Vitae\"},\"image\":{\"@id\":\"https:\/\/equilibris-vitae.be\/#\/schema\/logo\/image\/\"}}]}<\/script>\n<!-- \/ Yoast SEO plugin. -->","yoast_head_json":{"title":"Vincenzo Vita - Equilibris-Vitae","description":"Bien \u00eatre , alimentation, nutrition, \u00e9quilibrage alimentaire, accompagnement, s\u00e9r\u00e9nit\u00e9, sportif, activit\u00e9s physiques, reprise en main","robots":{"index":"index","follow":"follow","max-snippet":"max-snippet:-1","max-image-preview":"max-image-preview:large","max-video-preview":"max-video-preview:-1"},"canonical":"https:\/\/equilibris-vitae.be\/?page_id=151","og_locale":"fr_FR","og_type":"article","og_title":"Vincenzo Vita - Equilibris-Vitae","og_description":"Bien \u00eatre , alimentation, nutrition, \u00e9quilibrage alimentaire, accompagnement, s\u00e9r\u00e9nit\u00e9, sportif, activit\u00e9s physiques, reprise en main","og_url":"https:\/\/equilibris-vitae.be\/?page_id=151","og_site_name":"Equilibris-Vitae","article_modified_time":"2022-02-09T08:07:27+00:00","og_image":[{"url":"https:\/\/equilibris-vitae.be\/wp-content\/uploads\/2021\/09\/241160526_340999904394162_8932143927819172232_n.jpg"}],"twitter_card":"summary_large_image","twitter_misc":{"Dur\u00e9e de lecture estim\u00e9e":"2 minutes"},"schema":{"@context":"https:\/\/schema.org","@graph":[{"@type":"WebPage","@id":"https:\/\/equilibris-vitae.be\/?page_id=151","url":"https:\/\/equilibris-vitae.be\/?page_id=151","name":"Vincenzo Vita - Equilibris-Vitae","isPartOf":{"@id":"https:\/\/equilibris-vitae.be\/#website"},"datePublished":"2021-09-19T20:04:18+00:00","dateModified":"2022-02-09T08:07:27+00:00","description":"Bien \u00eatre , alimentation, nutrition, \u00e9quilibrage alimentaire, accompagnement, s\u00e9r\u00e9nit\u00e9, sportif, activit\u00e9s physiques, reprise en main","breadcrumb":{"@id":"https:\/\/equilibris-vitae.be\/?page_id=151#breadcrumb"},"inLanguage":"fr-FR","potentialAction":[{"@type":"ReadAction","target":["https:\/\/equilibris-vitae.be\/?page_id=151"]}]},{"@type":"BreadcrumbList","@id":"https:\/\/equilibris-vitae.be\/?page_id=151#breadcrumb","itemListElement":[{"@type":"ListItem","position":1,"name":"Accueil","item":"https:\/\/equilibris-vitae.be\/"},{"@type":"ListItem","position":2,"name":"Vincenzo Vita"}]},{"@type":"WebSite","@id":"https:\/\/equilibris-vitae.be\/#website","url":"https:\/\/equilibris-vitae.be\/","name":"Equilibris-Vitae","description":"","publisher":{"@id":"https:\/\/equilibris-vitae.be\/#organization"},"potentialAction":[{"@type":"SearchAction","target":{"@type":"EntryPoint","urlTemplate":"https:\/\/equilibris-vitae.be\/?s={search_term_string}"},"query-input":"required name=search_term_string"}],"inLanguage":"fr-FR"},{"@type":"Organization","@id":"https:\/\/equilibris-vitae.be\/#organization","name":"Equilibris-Vitae","url":"https:\/\/equilibris-vitae.be\/","logo":{"@type":"ImageObject","inLanguage":"fr-FR","@id":"https:\/\/equilibris-vitae.be\/#\/schema\/logo\/image\/","url":"https:\/\/equilibris-vitae.be\/wp-content\/uploads\/2021\/09\/cropped-logo-ptt-1.png","contentUrl":"https:\/\/equilibris-vitae.be\/wp-content\/uploads\/2021\/09\/cropped-logo-ptt-1.png","width":200,"height":200,"caption":"Equilibris-Vitae"},"image":{"@id":"https:\/\/equilibris-vitae.be\/#\/schema\/logo\/image\/"}}]}},"_links":{"self":[{"href":"https:\/\/equilibris-vitae.be\/index.php?rest_route=\/wp\/v2\/pages\/151","targetHints":{"allow":["GET"]}}],"collection":[{"href":"https:\/\/equilibris-vitae.be\/index.php?rest_route=\/wp\/v2\/pages"}],"about":[{"href":"https:\/\/equilibris-vitae.be\/index.php?rest_route=\/wp\/v2\/types\/page"}],"author":[{"embeddable":true,"href":"https:\/\/equilibris-vitae.be\/index.php?rest_route=\/wp\/v2\/users\/1"}],"replies":[{"embeddable":true,"href":"https:\/\/equilibris-vitae.be\/index.php?rest_route=%2Fwp%2Fv2%2Fcomments&post=151"}],"version-history":[{"count":62,"href":"https:\/\/equilibris-vitae.be\/index.php?rest_route=\/wp\/v2\/pages\/151\/revisions"}],"predecessor-version":[{"id":1042,"href":"https:\/\/equilibris-vitae.be\/index.php?rest_route=\/wp\/v2\/pages\/151\/revisions\/1042"}],"wp:attachment":[{"href":"https:\/\/equilibris-vitae.be\/index.php?rest_route=%2Fwp%2Fv2%2Fmedia&parent=151"}],"curies":[{"name":"wp","href":"https:\/\/api.w.org\/{rel}","templated":true}]}}