{"id":236,"date":"2021-09-19T21:38:31","date_gmt":"2021-09-19T21:38:31","guid":{"rendered":"https:\/\/equilibris-vitae.be\/?page_id=236"},"modified":"2022-02-09T08:37:56","modified_gmt":"2022-02-09T08:37:56","slug":"news","status":"publish","type":"page","link":"https:\/\/equilibris-vitae.be\/?page_id=236","title":{"rendered":"Un nouveau nous"},"content":{"rendered":"\n<p><\/p>\n\n\n\n<figure class=\"wp-block-image alignfull size-large\"><img loading=\"lazy\" decoding=\"async\" width=\"1024\" height=\"61\" src=\"https:\/\/equilibris-vitae.be\/wp-content\/uploads\/2021\/09\/bandeau-couleurs2-1024x61.jpg\" alt=\"\" class=\"wp-image-289\" srcset=\"https:\/\/equilibris-vitae.be\/wp-content\/uploads\/2021\/09\/bandeau-couleurs2-1024x61.jpg 1024w, https:\/\/equilibris-vitae.be\/wp-content\/uploads\/2021\/09\/bandeau-couleurs2-300x18.jpg 300w, https:\/\/equilibris-vitae.be\/wp-content\/uploads\/2021\/09\/bandeau-couleurs2-768x46.jpg 768w, https:\/\/equilibris-vitae.be\/wp-content\/uploads\/2021\/09\/bandeau-couleurs2.jpg 1264w\" sizes=\"auto, (max-width: 1024px) 100vw, 1024px\" \/><\/figure>\n\n\n\n<p class=\"has-text-align-center has-medium-font-size\"><\/p>\n\n\n\n<p class=\"has-text-align-center has-medium-font-size\">Notre atelier : <strong><span style=\"color:#009bc4\" class=\"has-inline-color\">Un nouveau nous !<\/span><\/strong><\/p>\n\n\n\n<p>Apr\u00e8s une ann\u00e9e tumultueuse, d\u00e9cuplez l\u2019envie, l\u2019\u00e9nergie et la motivation de votre \u00e9quipe!&nbsp;<br>Rejoignez notre&nbsp;atelier&nbsp;<strong>\u00ab&nbsp;Un nouveau Nous&nbsp;\u00bb<\/strong><br>un zeste de conscience alliant les talents, l\u2019alimentation et l\u2019activit\u00e9 physique des collaborateurs pour g\u00e9n\u00e9rer une meilleure harmonie au sein de son \u00e9quipe !<\/p>\n\n\n\n<p><strong>Pourquoi ?<\/strong><br><em>L\u2019exploitation des comp\u00e9tences, des ressources et le bien-\u00eatre des collaborateurs sont certainement des&nbsp;enjeux prioritaires&nbsp;pour vous en tant que dirigeant d\u2019entreprise.&nbsp;Cr\u00e9er un moment convivial pour f\u00e9d\u00e9rer son \u00e9quipe autour d\u2019un projet commun participe \u00e0 renforcer la confiance en soi et au sein du groupe. &nbsp;En d\u00e9coulent une am\u00e9lioration du&nbsp;bien-\u00eatre moral et physique, des liens sociaux renforc\u00e9s, une compr\u00e9hension de soi accrue, une communication fluidifi\u00e9e, ce qui influence in\u00e9vitablement les&nbsp;performances&nbsp;individuelles et collectives dans votre projet d\u2019entreprise.<\/em><br><strong><br>Le concept<\/strong><br><em>Le c\u00f4t\u00e9 innovant de cet atelier est d\u2019aligner et de relier 3 dimensions pour se reconnecter et se recentrer apr\u00e8s une ann\u00e9e turbulente et peut-\u00eatre de remise en question :<br>\u2013 L\u2019identit\u00e9 (le&nbsp;SOI):&nbsp; bien se conna\u00eetre et s\u2019appr\u00e9cier (ainsi que ses collaborateurs)<br>\u2013 L\u2019\u00e9nergie (l\u2019Alimentation) :&nbsp; bien choisir et \u00e9quilibrer ses apports alimentaires&nbsp;<br>\u2013 La circulation du tout (l\u2019activit\u00e9 physique) :&nbsp; bien assimiler l\u2019alimentation<\/em><br><em><br>Concr\u00e8tement ? Au travers d\u2019un parcours collaboratif de 10 activit\u00e9s, les participants sont guid\u00e9s et coach\u00e9s afin de: &nbsp;<br>\u2013 G\u00e9rer des \u00e9quipes et am\u00e9liorer les relations interpersonnelles transform\u00e9es par le t\u00e9l\u00e9travail.<br>\u2013 Se motiver dans les projets.&nbsp;<br>\u2013 Se reprendre en main pour retrouver de l\u2019\u00e9nergie et de la confiance.<br>\u2013 Amorcer une transformation personnelle qui r\u00e9v\u00e8le son potentiel.<\/em><br><em><br>L\u2019atelier est clairement bas\u00e9 sur la pratique&nbsp;!&nbsp;&nbsp;Les activit\u00e9s centr\u00e9es sur le SOI portent, par exemple, sur l\u2019\u00e9nn\u00e9atype, l\u2019identification des p\u00e9pites personnelles, le prisme d\u2019identit\u00e9, les croyances,\u2026.&nbsp;&nbsp;Les activit\u00e9s li\u00e9es \u00e0 l\u2019\u00e9nergie portent sur le r\u00e9\u00e9quilibrage alimentaire et celles sur la circulation du tout font appel \u00e0 des exercices physiques.<br>Le tout dans une atmosph\u00e8re collaborative et ludique.&nbsp;<br>&nbsp;<\/em><\/p>\n\n\n\n<p><strong>Vos formateurs<\/strong><br><em>Pour vous accompagner, un duo de choc&nbsp;:<br>Claire GRUSLIN, prof HEC et coach, aime insuffler son enthousiasme aupr\u00e8s des participants et susciter leur curiosit\u00e9 pour sortir de leur cadre habituel et d\u00e9couvrir de nouvelles perspectives.<br>Vincenzo VITA, coach en r\u00e9\u00e9quilibrage alimentaire et pr\u00e9paration physique, affectionne d\u2019am\u00e9liorer votre \u00e9nergie et vos performances<\/em>.<\/p>\n\n\n\n<p><strong>&nbsp;<br>Informations pratiques<\/strong><br><em>Atelier en entreprise d\u2019une journ\u00e9e de 9h00 \u00e0 17h00 (lunch compris)<br>&nbsp;2 formules possibles&nbsp;:<br>Atelier&nbsp;en intra&nbsp;(au sein m\u00eame de l\u2019entreprise) regroupant minimum 8 personnes et maximum 12 personnes&nbsp;<br>Atelier&nbsp;en inter&nbsp;\u00e0 Awans (regroupant des participants d\u2019entreprises diff\u00e9rentes)&nbsp;<br>Co\u00fbt&nbsp;journalier par personne 375\u20ac<\/em><\/p>\n\n\n\n<p>Au plaisir de vous retrouver,<br>Claire et Vincenzo<br>Si vous souhaitez directement \u00e9changer avec un membre de l\u2019\u00e9quipe, vous pouvez nous contacter au 0477 345 213 ou par email : info@equilibris-vitae.be<\/p>\n\n\n\n<hr class=\"wp-block-separator has-text-color has-background has-pale-cyan-blue-background-color has-pale-cyan-blue-color is-style-wide\"\/>\n","protected":false},"excerpt":{"rendered":"<p>Notre atelier : Un nouveau nous ! Apr\u00e8s une ann\u00e9e tumultueuse, d\u00e9cuplez l\u2019envie, l\u2019\u00e9nergie et la motivation de votre \u00e9quipe!&nbsp;Rejoignez notre&nbsp;atelier&nbsp;\u00ab&nbsp;Un nouveau Nous&nbsp;\u00bbun zeste de conscience alliant les talents, l\u2019alimentation et l\u2019activit\u00e9 physique des collaborateurs pour g\u00e9n\u00e9rer une meilleure harmonie au sein de son \u00e9quipe ! Pourquoi ?L\u2019exploitation des comp\u00e9tences, des ressources et le bien-\u00eatre &hellip;<\/p>\n","protected":false},"author":1,"featured_media":0,"parent":0,"menu_order":0,"comment_status":"closed","ping_status":"closed","template":"","meta":{"footnotes":""},"class_list":["post-236","page","type-page","status-publish","hentry"],"yoast_head":"<!-- This site is optimized with the Yoast SEO plugin v20.10 - https:\/\/yoast.com\/wordpress\/plugins\/seo\/ -->\n<title>Un nouveau nous - Equilibris-Vitae<\/title>\n<meta name=\"description\" content=\"Bien \u00eatre , alimentation, nutrition, \u00e9quilibrage alimentaire, accompagnement, s\u00e9r\u00e9nit\u00e9, sportif, activit\u00e9s physiques, reprise en main\" \/>\n<meta name=\"robots\" content=\"index, follow, max-snippet:-1, max-image-preview:large, max-video-preview:-1\" \/>\n<link rel=\"canonical\" href=\"https:\/\/equilibris-vitae.be\/?page_id=236\" \/>\n<meta property=\"og:locale\" content=\"fr_FR\" \/>\n<meta property=\"og:type\" content=\"article\" \/>\n<meta property=\"og:title\" content=\"Un nouveau nous - Equilibris-Vitae\" \/>\n<meta property=\"og:description\" content=\"Bien \u00eatre , alimentation, nutrition, \u00e9quilibrage alimentaire, accompagnement, s\u00e9r\u00e9nit\u00e9, sportif, activit\u00e9s physiques, reprise en main\" \/>\n<meta property=\"og:url\" content=\"https:\/\/equilibris-vitae.be\/?page_id=236\" \/>\n<meta property=\"og:site_name\" content=\"Equilibris-Vitae\" \/>\n<meta property=\"article:modified_time\" content=\"2022-02-09T08:37:56+00:00\" \/>\n<meta property=\"og:image\" content=\"https:\/\/equilibris-vitae.be\/wp-content\/uploads\/2021\/09\/bandeau-couleurs2-1024x61.jpg\" \/>\n<meta name=\"twitter:card\" content=\"summary_large_image\" \/>\n<meta name=\"twitter:label1\" content=\"Dur\u00e9e de lecture estim\u00e9e\" \/>\n\t<meta name=\"twitter:data1\" content=\"3 minutes\" \/>\n<script type=\"application\/ld+json\" class=\"yoast-schema-graph\">{\"@context\":\"https:\/\/schema.org\",\"@graph\":[{\"@type\":\"WebPage\",\"@id\":\"https:\/\/equilibris-vitae.be\/?page_id=236\",\"url\":\"https:\/\/equilibris-vitae.be\/?page_id=236\",\"name\":\"Un nouveau nous - Equilibris-Vitae\",\"isPartOf\":{\"@id\":\"https:\/\/equilibris-vitae.be\/#website\"},\"datePublished\":\"2021-09-19T21:38:31+00:00\",\"dateModified\":\"2022-02-09T08:37:56+00:00\",\"description\":\"Bien \u00eatre , alimentation, nutrition, \u00e9quilibrage alimentaire, accompagnement, s\u00e9r\u00e9nit\u00e9, sportif, activit\u00e9s physiques, reprise en main\",\"breadcrumb\":{\"@id\":\"https:\/\/equilibris-vitae.be\/?page_id=236#breadcrumb\"},\"inLanguage\":\"fr-FR\",\"potentialAction\":[{\"@type\":\"ReadAction\",\"target\":[\"https:\/\/equilibris-vitae.be\/?page_id=236\"]}]},{\"@type\":\"BreadcrumbList\",\"@id\":\"https:\/\/equilibris-vitae.be\/?page_id=236#breadcrumb\",\"itemListElement\":[{\"@type\":\"ListItem\",\"position\":1,\"name\":\"Accueil\",\"item\":\"https:\/\/equilibris-vitae.be\/\"},{\"@type\":\"ListItem\",\"position\":2,\"name\":\"Un nouveau nous\"}]},{\"@type\":\"WebSite\",\"@id\":\"https:\/\/equilibris-vitae.be\/#website\",\"url\":\"https:\/\/equilibris-vitae.be\/\",\"name\":\"Equilibris-Vitae\",\"description\":\"\",\"publisher\":{\"@id\":\"https:\/\/equilibris-vitae.be\/#organization\"},\"potentialAction\":[{\"@type\":\"SearchAction\",\"target\":{\"@type\":\"EntryPoint\",\"urlTemplate\":\"https:\/\/equilibris-vitae.be\/?s={search_term_string}\"},\"query-input\":\"required name=search_term_string\"}],\"inLanguage\":\"fr-FR\"},{\"@type\":\"Organization\",\"@id\":\"https:\/\/equilibris-vitae.be\/#organization\",\"name\":\"Equilibris-Vitae\",\"url\":\"https:\/\/equilibris-vitae.be\/\",\"logo\":{\"@type\":\"ImageObject\",\"inLanguage\":\"fr-FR\",\"@id\":\"https:\/\/equilibris-vitae.be\/#\/schema\/logo\/image\/\",\"url\":\"https:\/\/equilibris-vitae.be\/wp-content\/uploads\/2021\/09\/cropped-logo-ptt-1.png\",\"contentUrl\":\"https:\/\/equilibris-vitae.be\/wp-content\/uploads\/2021\/09\/cropped-logo-ptt-1.png\",\"width\":200,\"height\":200,\"caption\":\"Equilibris-Vitae\"},\"image\":{\"@id\":\"https:\/\/equilibris-vitae.be\/#\/schema\/logo\/image\/\"}}]}<\/script>\n<!-- \/ Yoast SEO plugin. -->","yoast_head_json":{"title":"Un nouveau nous - Equilibris-Vitae","description":"Bien \u00eatre , alimentation, nutrition, \u00e9quilibrage alimentaire, accompagnement, s\u00e9r\u00e9nit\u00e9, sportif, activit\u00e9s physiques, reprise en main","robots":{"index":"index","follow":"follow","max-snippet":"max-snippet:-1","max-image-preview":"max-image-preview:large","max-video-preview":"max-video-preview:-1"},"canonical":"https:\/\/equilibris-vitae.be\/?page_id=236","og_locale":"fr_FR","og_type":"article","og_title":"Un nouveau nous - Equilibris-Vitae","og_description":"Bien \u00eatre , alimentation, nutrition, \u00e9quilibrage alimentaire, accompagnement, s\u00e9r\u00e9nit\u00e9, sportif, activit\u00e9s physiques, reprise en main","og_url":"https:\/\/equilibris-vitae.be\/?page_id=236","og_site_name":"Equilibris-Vitae","article_modified_time":"2022-02-09T08:37:56+00:00","og_image":[{"url":"https:\/\/equilibris-vitae.be\/wp-content\/uploads\/2021\/09\/bandeau-couleurs2-1024x61.jpg"}],"twitter_card":"summary_large_image","twitter_misc":{"Dur\u00e9e de lecture estim\u00e9e":"3 minutes"},"schema":{"@context":"https:\/\/schema.org","@graph":[{"@type":"WebPage","@id":"https:\/\/equilibris-vitae.be\/?page_id=236","url":"https:\/\/equilibris-vitae.be\/?page_id=236","name":"Un nouveau nous - Equilibris-Vitae","isPartOf":{"@id":"https:\/\/equilibris-vitae.be\/#website"},"datePublished":"2021-09-19T21:38:31+00:00","dateModified":"2022-02-09T08:37:56+00:00","description":"Bien \u00eatre , alimentation, nutrition, \u00e9quilibrage alimentaire, accompagnement, s\u00e9r\u00e9nit\u00e9, sportif, activit\u00e9s physiques, reprise en main","breadcrumb":{"@id":"https:\/\/equilibris-vitae.be\/?page_id=236#breadcrumb"},"inLanguage":"fr-FR","potentialAction":[{"@type":"ReadAction","target":["https:\/\/equilibris-vitae.be\/?page_id=236"]}]},{"@type":"BreadcrumbList","@id":"https:\/\/equilibris-vitae.be\/?page_id=236#breadcrumb","itemListElement":[{"@type":"ListItem","position":1,"name":"Accueil","item":"https:\/\/equilibris-vitae.be\/"},{"@type":"ListItem","position":2,"name":"Un nouveau nous"}]},{"@type":"WebSite","@id":"https:\/\/equilibris-vitae.be\/#website","url":"https:\/\/equilibris-vitae.be\/","name":"Equilibris-Vitae","description":"","publisher":{"@id":"https:\/\/equilibris-vitae.be\/#organization"},"potentialAction":[{"@type":"SearchAction","target":{"@type":"EntryPoint","urlTemplate":"https:\/\/equilibris-vitae.be\/?s={search_term_string}"},"query-input":"required name=search_term_string"}],"inLanguage":"fr-FR"},{"@type":"Organization","@id":"https:\/\/equilibris-vitae.be\/#organization","name":"Equilibris-Vitae","url":"https:\/\/equilibris-vitae.be\/","logo":{"@type":"ImageObject","inLanguage":"fr-FR","@id":"https:\/\/equilibris-vitae.be\/#\/schema\/logo\/image\/","url":"https:\/\/equilibris-vitae.be\/wp-content\/uploads\/2021\/09\/cropped-logo-ptt-1.png","contentUrl":"https:\/\/equilibris-vitae.be\/wp-content\/uploads\/2021\/09\/cropped-logo-ptt-1.png","width":200,"height":200,"caption":"Equilibris-Vitae"},"image":{"@id":"https:\/\/equilibris-vitae.be\/#\/schema\/logo\/image\/"}}]}},"_links":{"self":[{"href":"https:\/\/equilibris-vitae.be\/index.php?rest_route=\/wp\/v2\/pages\/236","targetHints":{"allow":["GET"]}}],"collection":[{"href":"https:\/\/equilibris-vitae.be\/index.php?rest_route=\/wp\/v2\/pages"}],"about":[{"href":"https:\/\/equilibris-vitae.be\/index.php?rest_route=\/wp\/v2\/types\/page"}],"author":[{"embeddable":true,"href":"https:\/\/equilibris-vitae.be\/index.php?rest_route=\/wp\/v2\/users\/1"}],"replies":[{"embeddable":true,"href":"https:\/\/equilibris-vitae.be\/index.php?rest_route=%2Fwp%2Fv2%2Fcomments&post=236"}],"version-history":[{"count":30,"href":"https:\/\/equilibris-vitae.be\/index.php?rest_route=\/wp\/v2\/pages\/236\/revisions"}],"predecessor-version":[{"id":1059,"href":"https:\/\/equilibris-vitae.be\/index.php?rest_route=\/wp\/v2\/pages\/236\/revisions\/1059"}],"wp:attachment":[{"href":"https:\/\/equilibris-vitae.be\/index.php?rest_route=%2Fwp%2Fv2%2Fmedia&parent=236"}],"curies":[{"name":"wp","href":"https:\/\/api.w.org\/{rel}","templated":true}]}}