{"id":777,"date":"2021-11-03T16:31:24","date_gmt":"2021-11-03T16:31:24","guid":{"rendered":"https:\/\/equilibris-vitae.be\/?page_id=777"},"modified":"2022-12-20T12:20:20","modified_gmt":"2022-12-20T12:20:20","slug":"francoise-salemi","status":"publish","type":"page","link":"https:\/\/equilibris-vitae.be\/?page_id=777","title":{"rendered":"Fran\u00e7oise Salemi"},"content":{"rendered":"\n<div class=\"wp-block-columns is-layout-flex wp-container-core-columns-is-layout-9d6595d7 wp-block-columns-is-layout-flex\">\n<div class=\"wp-block-column is-layout-flow wp-block-column-is-layout-flow\" style=\"flex-basis:100%\">\n<div class=\"wp-block-cover alignfull\"><span aria-hidden=\"true\" class=\"wp-block-cover__background has-background-dim-0 has-background-dim\"><\/span><img loading=\"lazy\" decoding=\"async\" width=\"931\" height=\"378\" class=\"wp-block-cover__image-background wp-image-722\" alt=\"Fran\u00e7oise Salemi equilibris vitae\" src=\"https:\/\/equilibris-vitae.be\/wp-content\/uploads\/2021\/10\/bandeau2-fauteuils.jpg\" style=\"object-position:48% 24%\" data-object-fit=\"cover\" data-object-position=\"48% 24%\" srcset=\"https:\/\/equilibris-vitae.be\/wp-content\/uploads\/2021\/10\/bandeau2-fauteuils.jpg 931w, https:\/\/equilibris-vitae.be\/wp-content\/uploads\/2021\/10\/bandeau2-fauteuils-300x122.jpg 300w, https:\/\/equilibris-vitae.be\/wp-content\/uploads\/2021\/10\/bandeau2-fauteuils-768x312.jpg 768w\" sizes=\"auto, (max-width: 931px) 100vw, 931px\" \/><div class=\"wp-block-cover__inner-container is-layout-flow wp-block-cover-is-layout-flow\">\n<p><\/p>\n\n\n\n<p><\/p>\n\n\n\n<p class=\"has-huge-font-size\"><\/p>\n<\/div><\/div>\n<\/div>\n<\/div>\n\n\n\n<h2 class=\"has-text-align-center wp-block-heading\" id=\"francoise-salemi\"><mark style=\"background-color:rgba(0, 0, 0, 0);color:#c4770f\" class=\"has-inline-color\">Fran\u00e7oise Salemi<\/mark><\/h2>\n\n\n\n<h2 class=\"has-text-align-center has-regular-font-size wp-block-heading\" id=\"osteopathe-d-o\"><mark style=\"background-color:rgba(0, 0, 0, 0);color:#009cb4\" class=\"has-inline-color\">Ost\u00e9opathe D.O.\u00a0<\/mark><br><\/h2>\n\n\n\n<div class=\"wp-block-columns is-layout-flex wp-container-core-columns-is-layout-9d6595d7 wp-block-columns-is-layout-flex\">\n<div class=\"wp-block-column is-layout-flow wp-block-column-is-layout-flow\"><div class=\"wp-block-image\">\n<figure class=\"aligncenter size-full is-resized\"><a href=\"https:\/\/www.facebook.com\/CentreEquilibrisVITAE\" target=\"_blank\" rel=\"noopener\"><img loading=\"lazy\" decoding=\"async\" src=\"https:\/\/equilibris-vitae.be\/wp-content\/uploads\/2021\/10\/fb-1.png\" alt=\"\" class=\"wp-image-589\" width=\"50\" height=\"50\" srcset=\"https:\/\/equilibris-vitae.be\/wp-content\/uploads\/2021\/10\/fb-1.png 200w, https:\/\/equilibris-vitae.be\/wp-content\/uploads\/2021\/10\/fb-1-150x150.png 150w\" sizes=\"auto, (max-width: 50px) 100vw, 50px\" \/><\/a><\/figure>\n<\/div>\n\n\n<p class=\"has-text-align-center\"><a href=\"https:\/\/www.facebook.com\/CentreEquilibrisVITAE\" target=\"_blank\" rel=\"noreferrer noopener\">Retrouvez moi sur Facebook<\/a><\/p>\n<\/div>\n\n\n\n<div class=\"wp-block-column is-layout-flow wp-block-column-is-layout-flow\">\n<center><a href=\"tel:+32471892550\" <=\"\" a=\"\"><i class=\"fa fa-phone-alt fa-2x \" ><\/i><\/a><\/center>\n\n\n\n<br> <center><a href=\"tel:+32471892550\"> ou contactez moi via le +32471892550<\/a><\/center>\n<\/div>\n<\/div>\n\n\n\n<div style=\"height:19px\" aria-hidden=\"true\" class=\"wp-block-spacer\"><\/div>\n\n\n\n<center><a href=\"https:\/\/equilibris-vitae.be\/?page_id=2\" <=\"\" a=\"\"><input type=\"button\" value=\"JE PRENDS RENDEZ-VOUS\"><\/a><\/center>\n\n\n\n<hr class=\"wp-block-separator has-text-color has-css-opacity has-background is-style-wide\" style=\"background-color:#009cb4;color:#009cb4\"\/>\n\n\n\n<div class=\"wp-block-columns is-layout-flex wp-container-core-columns-is-layout-9d6595d7 wp-block-columns-is-layout-flex\">\n<div class=\"wp-block-column is-layout-flow wp-block-column-is-layout-flow\" style=\"padding-top:0px;padding-right:0px;padding-bottom:0px;padding-left:0px;flex-basis:100%\">\n<div class=\"wp-block-group\"><div class=\"wp-block-group__inner-container is-layout-flow wp-block-group-is-layout-flow\">\n<p class=\"has-text-color\" style=\"color:#005063\"><strong>Comme chaque individu est diff\u00e9rent par ses g\u00e8nes, son alimentation et son environnement, je vous propose un suivi personnalis\u00e9 et une approche holistique tant en ost\u00e9opathie qu&rsquo; en nutrith\u00e9rapie.&nbsp;<\/strong><\/p>\n\n\n\n<p class=\"has-text-color\" style=\"color:#005063\">En tant qu\u2019<strong>ost\u00e9opathe D.O.<\/strong>, je consid\u00e8re que tout trouble de la mobilit\u00e9 au sein de l\u2019organisme (de nature articulaire, visc\u00e9rale, musculaire, fasciale) engendre des troubles de la sant\u00e9. Mon travail consiste donc \u00e0 interroger le corps du patient \u00e0 l\u2019aide d\u2019une palpation douce, qui lui permet de d\u00e9terminer les pertes de mobilit\u00e9s dans les diff\u00e9rents tissus. En abordant le patient dans sa globalit\u00e9, l\u2019ost\u00e9opathe d\u00e9veloppe un traitement adapt\u00e9 \u00e0 chaque patient.&nbsp;<\/p>\n\n\n\n<p class=\"has-text-color\" style=\"color:#005063\">Ma mission en tant qu\u2019<strong>ost\u00e9opathe<\/strong> est de restaurer le bien \u00eatre de mon patient dans sa globalit\u00e9.&nbsp;<\/p>\n\n\n\n<p class=\"has-text-color\" style=\"color:#005063\">De nombreux maux sont induits en autre par notre mode de vie moderne et notre alimentation d\u00e9s\u00e9quilibr\u00e9e. La M\u00e9decine Fonctionnelle vise essentiellement \u00e0 aider le corps \u00e0 pr\u00e9server ou retrouver la sant\u00e9 en stimulant ses propres syst\u00e8mes de d\u00e9fense (principe d\u2019auto-gu\u00e9rison).&nbsp;<\/p>\n\n\n\n<p class=\"has-text-color\" style=\"color:#005063\">Les diff\u00e9rents axes de traitement ou d&rsquo;aide (dont<strong> l\u2019ost\u00e9opathie <\/strong>et<strong> la nutrith\u00e9rapie<\/strong>) sont donc aussi bien pr\u00e9ventifs que th\u00e9rapeutiques. La sant\u00e9 doit, en effet, \u00eatre comprise comme \u00e9tant non seulement l&rsquo;absence de sympt\u00f4mes mais aussi une sensation de bien-\u00eatre et un \u00e9tat d&rsquo;\u00e9quilibre avec l&rsquo;environnement.&nbsp;<\/p>\n\n\n\n<p class=\"has-text-color\" style=\"color:#005063\">La <strong>nutrith\u00e9rapie<\/strong> vise \u00e0 optimiser la sant\u00e9, les performances physiques et intellectuelles, retarder les effets du vieillissement, pr\u00e9venir les risques de maladie et les traiter par des conseils alimentaires et une suppl\u00e9mentation active en micronutriments.&nbsp;<\/p>\n\n\n\n<p class=\"has-text-color\" style=\"color:#005063\">La <strong>nutrith\u00e9rapie<\/strong> peut pr\u00e9venir et soutenir le traitement de certaines pathologies telles que : Surpoids, diab\u00e8te, addiction aux sucres, stress, fatigue, migraine, d\u00e9pression, anxi\u00e9t\u00e9, trouble du sommeil, troubles digestifs, syst\u00e8me immunitaire affaibli, maladies cardio-vasculaires, sympt\u00f4mes pr\u00e9menstruels et m\u00e9nopause, fibromyalgie, tendinite \u00e0 r\u00e9p\u00e9tition\u2026&nbsp;<\/p>\n\n\n\n<p class=\"has-text-color\" style=\"color:#005063\">Dipl\u00f4m\u00e9e \u00a0en nutrith\u00e9rapie au C.F.N.A (Centre de Formation en Nutrith\u00e9rapie Appliqu\u00e9e) \u00a0et membre de l\u2019Union des Nutrith\u00e9rapeutes Francophones (UDNF) .C\u2019est la combinaison de ces deux approches m\u00e9dicales (la\u00a0<strong>Nutrith\u00e9rapie<\/strong>\u00a0et l\u2019<strong>Ost\u00e9opathie<\/strong>) qui va permettre une prise en charge de nombreux troubles, pathologies, \u2026 avec une efficacit\u00e9 souvent d\u00e9cupl\u00e9e.<\/p>\n\n\n\n<p class=\"has-text-color\" style=\"color:#005063\">Il n\u2019est pas rare, par exemple, de rencontrer des probl\u00e8mes au niveau musculo-squelettique qui ne trouvent de solution que par la combinaison de conseils alimentaires (ou par des suppl\u00e9mentations) et d\u2019un traitement ost\u00e9opathique. Il en est de m\u00eame au niveau visc\u00e9ral (constipation, ballonnements, reflux gastro-\u0153sophagien, crampes intestinales,\u2026): la combinaison de la prise en charge ost\u00e9opathique et nutri-th\u00e9rapeutique va donc en symbiose.&nbsp;&nbsp;<\/p>\n\n\n\n<p class=\"has-text-color\" style=\"color:#005063\">Les bienfaits d\u2019une alimentation saine et \u00e9quilibr\u00e9e seront b\u00e9n\u00e9fiques sur votre sant\u00e9, vos performances physiques, intellectuelles, psychologiques; sur votre vie en g\u00e9n\u00e9ral.&nbsp;<\/p>\n\n\n\n<p><\/p>\n\n\n\n<p><\/p>\n\n\n\n<p><\/p>\n<\/div><\/div>\n<\/div>\n<\/div>\n","protected":false},"excerpt":{"rendered":"<p>Fran\u00e7oise Salemi Ost\u00e9opathe D.O.\u00a0 Retrouvez moi sur Facebook<\/p>\n","protected":false},"author":1,"featured_media":0,"parent":0,"menu_order":0,"comment_status":"closed","ping_status":"closed","template":"","meta":{"footnotes":""},"class_list":["post-777","page","type-page","status-publish","hentry"],"yoast_head":"<!-- This site is optimized with the Yoast SEO plugin v20.10 - https:\/\/yoast.com\/wordpress\/plugins\/seo\/ -->\n<title>Fran\u00e7oise Salemi - Equilibris-Vitae<\/title>\n<meta name=\"description\" content=\"Bien \u00eatre , alimentation, nutrition, \u00e9quilibrage alimentaire, accompagnement, s\u00e9r\u00e9nit\u00e9, sportif, activit\u00e9s physiques, reprise en main\" \/>\n<meta name=\"robots\" content=\"index, follow, max-snippet:-1, max-image-preview:large, max-video-preview:-1\" \/>\n<link rel=\"canonical\" href=\"https:\/\/equilibris-vitae.be\/?page_id=777\" \/>\n<meta property=\"og:locale\" content=\"fr_FR\" \/>\n<meta property=\"og:type\" content=\"article\" \/>\n<meta property=\"og:title\" content=\"Fran\u00e7oise Salemi - Equilibris-Vitae\" \/>\n<meta property=\"og:description\" content=\"Bien \u00eatre , alimentation, nutrition, \u00e9quilibrage alimentaire, accompagnement, s\u00e9r\u00e9nit\u00e9, sportif, activit\u00e9s physiques, reprise en main\" \/>\n<meta property=\"og:url\" content=\"https:\/\/equilibris-vitae.be\/?page_id=777\" \/>\n<meta property=\"og:site_name\" content=\"Equilibris-Vitae\" \/>\n<meta property=\"article:modified_time\" content=\"2022-12-20T12:20:20+00:00\" \/>\n<meta property=\"og:image\" content=\"https:\/\/equilibris-vitae.be\/wp-content\/uploads\/2021\/10\/bandeau2-fauteuils.jpg\" \/>\n<meta name=\"twitter:card\" content=\"summary_large_image\" \/>\n<meta name=\"twitter:label1\" content=\"Dur\u00e9e de lecture estim\u00e9e\" \/>\n\t<meta name=\"twitter:data1\" content=\"3 minutes\" \/>\n<script type=\"application\/ld+json\" class=\"yoast-schema-graph\">{\"@context\":\"https:\/\/schema.org\",\"@graph\":[{\"@type\":\"WebPage\",\"@id\":\"https:\/\/equilibris-vitae.be\/?page_id=777\",\"url\":\"https:\/\/equilibris-vitae.be\/?page_id=777\",\"name\":\"Fran\u00e7oise Salemi - Equilibris-Vitae\",\"isPartOf\":{\"@id\":\"https:\/\/equilibris-vitae.be\/#website\"},\"datePublished\":\"2021-11-03T16:31:24+00:00\",\"dateModified\":\"2022-12-20T12:20:20+00:00\",\"description\":\"Bien \u00eatre , alimentation, nutrition, \u00e9quilibrage alimentaire, accompagnement, s\u00e9r\u00e9nit\u00e9, sportif, activit\u00e9s physiques, reprise en main\",\"breadcrumb\":{\"@id\":\"https:\/\/equilibris-vitae.be\/?page_id=777#breadcrumb\"},\"inLanguage\":\"fr-FR\",\"potentialAction\":[{\"@type\":\"ReadAction\",\"target\":[\"https:\/\/equilibris-vitae.be\/?page_id=777\"]}]},{\"@type\":\"BreadcrumbList\",\"@id\":\"https:\/\/equilibris-vitae.be\/?page_id=777#breadcrumb\",\"itemListElement\":[{\"@type\":\"ListItem\",\"position\":1,\"name\":\"Accueil\",\"item\":\"https:\/\/equilibris-vitae.be\/\"},{\"@type\":\"ListItem\",\"position\":2,\"name\":\"Fran\u00e7oise Salemi\"}]},{\"@type\":\"WebSite\",\"@id\":\"https:\/\/equilibris-vitae.be\/#website\",\"url\":\"https:\/\/equilibris-vitae.be\/\",\"name\":\"Equilibris-Vitae\",\"description\":\"\",\"publisher\":{\"@id\":\"https:\/\/equilibris-vitae.be\/#organization\"},\"potentialAction\":[{\"@type\":\"SearchAction\",\"target\":{\"@type\":\"EntryPoint\",\"urlTemplate\":\"https:\/\/equilibris-vitae.be\/?s={search_term_string}\"},\"query-input\":\"required name=search_term_string\"}],\"inLanguage\":\"fr-FR\"},{\"@type\":\"Organization\",\"@id\":\"https:\/\/equilibris-vitae.be\/#organization\",\"name\":\"Equilibris-Vitae\",\"url\":\"https:\/\/equilibris-vitae.be\/\",\"logo\":{\"@type\":\"ImageObject\",\"inLanguage\":\"fr-FR\",\"@id\":\"https:\/\/equilibris-vitae.be\/#\/schema\/logo\/image\/\",\"url\":\"https:\/\/equilibris-vitae.be\/wp-content\/uploads\/2021\/09\/cropped-logo-ptt-1.png\",\"contentUrl\":\"https:\/\/equilibris-vitae.be\/wp-content\/uploads\/2021\/09\/cropped-logo-ptt-1.png\",\"width\":200,\"height\":200,\"caption\":\"Equilibris-Vitae\"},\"image\":{\"@id\":\"https:\/\/equilibris-vitae.be\/#\/schema\/logo\/image\/\"}}]}<\/script>\n<!-- \/ Yoast SEO plugin. -->","yoast_head_json":{"title":"Fran\u00e7oise Salemi - Equilibris-Vitae","description":"Bien \u00eatre , alimentation, nutrition, \u00e9quilibrage alimentaire, accompagnement, s\u00e9r\u00e9nit\u00e9, sportif, activit\u00e9s physiques, reprise en main","robots":{"index":"index","follow":"follow","max-snippet":"max-snippet:-1","max-image-preview":"max-image-preview:large","max-video-preview":"max-video-preview:-1"},"canonical":"https:\/\/equilibris-vitae.be\/?page_id=777","og_locale":"fr_FR","og_type":"article","og_title":"Fran\u00e7oise Salemi - Equilibris-Vitae","og_description":"Bien \u00eatre , alimentation, nutrition, \u00e9quilibrage alimentaire, accompagnement, s\u00e9r\u00e9nit\u00e9, sportif, activit\u00e9s physiques, reprise en main","og_url":"https:\/\/equilibris-vitae.be\/?page_id=777","og_site_name":"Equilibris-Vitae","article_modified_time":"2022-12-20T12:20:20+00:00","og_image":[{"url":"https:\/\/equilibris-vitae.be\/wp-content\/uploads\/2021\/10\/bandeau2-fauteuils.jpg"}],"twitter_card":"summary_large_image","twitter_misc":{"Dur\u00e9e de lecture estim\u00e9e":"3 minutes"},"schema":{"@context":"https:\/\/schema.org","@graph":[{"@type":"WebPage","@id":"https:\/\/equilibris-vitae.be\/?page_id=777","url":"https:\/\/equilibris-vitae.be\/?page_id=777","name":"Fran\u00e7oise Salemi - Equilibris-Vitae","isPartOf":{"@id":"https:\/\/equilibris-vitae.be\/#website"},"datePublished":"2021-11-03T16:31:24+00:00","dateModified":"2022-12-20T12:20:20+00:00","description":"Bien \u00eatre , alimentation, nutrition, \u00e9quilibrage alimentaire, accompagnement, s\u00e9r\u00e9nit\u00e9, sportif, activit\u00e9s physiques, reprise en main","breadcrumb":{"@id":"https:\/\/equilibris-vitae.be\/?page_id=777#breadcrumb"},"inLanguage":"fr-FR","potentialAction":[{"@type":"ReadAction","target":["https:\/\/equilibris-vitae.be\/?page_id=777"]}]},{"@type":"BreadcrumbList","@id":"https:\/\/equilibris-vitae.be\/?page_id=777#breadcrumb","itemListElement":[{"@type":"ListItem","position":1,"name":"Accueil","item":"https:\/\/equilibris-vitae.be\/"},{"@type":"ListItem","position":2,"name":"Fran\u00e7oise Salemi"}]},{"@type":"WebSite","@id":"https:\/\/equilibris-vitae.be\/#website","url":"https:\/\/equilibris-vitae.be\/","name":"Equilibris-Vitae","description":"","publisher":{"@id":"https:\/\/equilibris-vitae.be\/#organization"},"potentialAction":[{"@type":"SearchAction","target":{"@type":"EntryPoint","urlTemplate":"https:\/\/equilibris-vitae.be\/?s={search_term_string}"},"query-input":"required name=search_term_string"}],"inLanguage":"fr-FR"},{"@type":"Organization","@id":"https:\/\/equilibris-vitae.be\/#organization","name":"Equilibris-Vitae","url":"https:\/\/equilibris-vitae.be\/","logo":{"@type":"ImageObject","inLanguage":"fr-FR","@id":"https:\/\/equilibris-vitae.be\/#\/schema\/logo\/image\/","url":"https:\/\/equilibris-vitae.be\/wp-content\/uploads\/2021\/09\/cropped-logo-ptt-1.png","contentUrl":"https:\/\/equilibris-vitae.be\/wp-content\/uploads\/2021\/09\/cropped-logo-ptt-1.png","width":200,"height":200,"caption":"Equilibris-Vitae"},"image":{"@id":"https:\/\/equilibris-vitae.be\/#\/schema\/logo\/image\/"}}]}},"_links":{"self":[{"href":"https:\/\/equilibris-vitae.be\/index.php?rest_route=\/wp\/v2\/pages\/777","targetHints":{"allow":["GET"]}}],"collection":[{"href":"https:\/\/equilibris-vitae.be\/index.php?rest_route=\/wp\/v2\/pages"}],"about":[{"href":"https:\/\/equilibris-vitae.be\/index.php?rest_route=\/wp\/v2\/types\/page"}],"author":[{"embeddable":true,"href":"https:\/\/equilibris-vitae.be\/index.php?rest_route=\/wp\/v2\/users\/1"}],"replies":[{"embeddable":true,"href":"https:\/\/equilibris-vitae.be\/index.php?rest_route=%2Fwp%2Fv2%2Fcomments&post=777"}],"version-history":[{"count":8,"href":"https:\/\/equilibris-vitae.be\/index.php?rest_route=\/wp\/v2\/pages\/777\/revisions"}],"predecessor-version":[{"id":1091,"href":"https:\/\/equilibris-vitae.be\/index.php?rest_route=\/wp\/v2\/pages\/777\/revisions\/1091"}],"wp:attachment":[{"href":"https:\/\/equilibris-vitae.be\/index.php?rest_route=%2Fwp%2Fv2%2Fmedia&parent=777"}],"curies":[{"name":"wp","href":"https:\/\/api.w.org\/{rel}","templated":true}]}}